{"id":41927,"date":"2026-06-29T11:51:04","date_gmt":"2026-06-29T11:51:04","guid":{"rendered":"https:\/\/proair.ee\/indoor-air-quality-measurement\/"},"modified":"2026-07-13T09:24:59","modified_gmt":"2026-07-13T09:24:59","slug":"indoor-air-quality-measurement","status":"publish","type":"page","link":"https:\/\/proair.ee\/en\/indoor-air-quality-measurement\/","title":{"rendered":"Indoor Air Quality Measurement"},"content":{"rendered":"","protected":false},"excerpt":{"rendered":"","protected":false},"author":1,"featured_media":0,"parent":0,"menu_order":0,"comment_status":"closed","ping_status":"closed","template":"template-parts\/template-flexible.php","meta":{"_acf_changed":false,"_seopress_titles_title":"Siseruumi \u00f5hukvaliteedi m\u00f5\u00f5distus | Pro Air O\u00dc","_seopress_titles_desc":"Professionaalne siseruumi \u00f5hukvaliteedi m\u00f5\u00f5distus. M\u00f5\u00f5dame peentolmu, CO\u2082, VOC, formaldeh\u00fc\u00fcdi ja \u00f5huniiskust. K\u00fcsi pakkumist Pro Air O\u00dc spetsialistidelt","_seopress_robots_index":"","_seopress_robots_follow":"","_seopress_robots_imageindex":"","_seopress_robots_snippet":"","_seopress_robots_primary_cat":"","_seopress_robots_breadcrumbs":"false","_seopress_robots_freeze_modified_date":"","_seopress_robots_custom_modified_date":"","_seopress_robots_canonical":"","_seopress_social_fb_title":"","_seopress_social_fb_desc":"","_seopress_social_fb_img":"","_seopress_social_fb_img_attachment_id":0,"_seopress_social_fb_img_width":0,"_seopress_social_fb_img_height":0,"_seopress_social_twitter_title":"","_seopress_social_twitter_desc":"","_seopress_social_twitter_img":"","_seopress_social_twitter_img_attachment_id":0,"_seopress_social_twitter_img_width":0,"_seopress_social_twitter_img_height":0,"_seopress_redirections_value":"","_seopress_redirections_enabled":"","_seopress_redirections_enabled_regex":"","_seopress_redirections_logged_status":"both","_seopress_redirections_param":"","_seopress_redirections_type":301,"_seopress_analysis_target_kw":"siseruumi \u00f5hukvaliteedi m\u00f5\u00f5distus,\u00f5hukvaliteedi m\u00f5\u00f5distus,\u00f5hukvaliteedi m\u00f5\u00f5tmine,sise\u00f5hu kvaliteet,siseruumi \u00f5hukvaliteet,\u00f5hukvaliteedi anal\u00fc\u00fcs,\u00f5hukvaliteedi kontroll,sise\u00f5hu m\u00f5\u00f5tmine,CO\u2082 m\u00f5\u00f5tmine,CO2 m\u00f5\u00f5tmine,peentolmu m\u00f5\u00f5tmine,PM2.5 m\u00f5\u00f5tmine,PM10 m\u00f5\u00f5tmine,VOC m\u00f5\u00f5tmine,formaldeh\u00fc\u00fcdi m\u00f5\u00f5tmine,temperatuuri m\u00f5\u00f5tmine,\u00f5huniiskuse m\u00f5\u00f5tmine,aerosoolide m\u00f5\u00f5tmine,sise\u00f5hu saasteainete m\u00f5\u00f5tmine,kontori \u00f5hukvaliteedi m\u00f5\u00f5tmine,kooli \u00f5hukvaliteedi m\u00f5\u00f5tmine,t\u00f6\u00f6stuse \u00f5hukvaliteedi m\u00f5\u00f5tmine,t\u00f6\u00f6koha \u00f5hukvaliteet,tervislik sisekliima,ventilatsiooni kontroll,ventilatsiooni hindamine,sisekliima audit,\u00f5hukvaliteedi eksperdid,\u00f5hukvaliteedi spetsialist,\u00f5hukvaliteedi parandamine,\u00f5hupuhastuse lahendused,ventilatsioonilahendused,hallituse ennetamine,\u00f5husaaste m\u00f5\u00f5tmine,sise\u00f5hu kvaliteedi hindamine,\u00f5hukvaliteedi m\u00f5\u00f5distus Eestis"},"class_list":["post-41927","page","type-page","status-publish","hentry"],"acf":[],"_links":{"self":[{"href":"https:\/\/proair.ee\/en\/wp-json\/wp\/v2\/pages\/41927","targetHints":{"allow":["GET"]}}],"collection":[{"href":"https:\/\/proair.ee\/en\/wp-json\/wp\/v2\/pages"}],"about":[{"href":"https:\/\/proair.ee\/en\/wp-json\/wp\/v2\/types\/page"}],"author":[{"embeddable":true,"href":"https:\/\/proair.ee\/en\/wp-json\/wp\/v2\/users\/1"}],"replies":[{"embeddable":true,"href":"https:\/\/proair.ee\/en\/wp-json\/wp\/v2\/comments?post=41927"}],"version-history":[{"count":3,"href":"https:\/\/proair.ee\/en\/wp-json\/wp\/v2\/pages\/41927\/revisions"}],"predecessor-version":[{"id":45648,"href":"https:\/\/proair.ee\/en\/wp-json\/wp\/v2\/pages\/41927\/revisions\/45648"}],"wp:attachment":[{"href":"https:\/\/proair.ee\/en\/wp-json\/wp\/v2\/media?parent=41927"}],"curies":[{"name":"wp","href":"https:\/\/api.w.org\/{rel}","templated":true}]}}